{"id":445,"date":"2026-03-21T20:14:40","date_gmt":"2026-03-21T20:14:40","guid":{"rendered":"https:\/\/ggo.co.at\/wptest\/?page_id=445"},"modified":"2026-07-11T18:51:15","modified_gmt":"2026-07-11T18:51:15","slug":"repertoire","status":"publish","type":"page","link":"https:\/\/ggo.co.at\/wptest\/index.php\/repertoire\/","title":{"rendered":"Repertoire"},"content":{"rendered":"<div style=\"width: 100%; margin-bottom: 50px;\">\n<p><!-- Hintergrundbild --><\/p>\n<div style=\"width: 100%; height: 300px; background-image: url('https:\/\/ggo.co.at\/wptest\/wp-content\/uploads\/2026\/03\/Notenblatt.jpg'); background-size: cover; background-position: center; display: flex; align-items: center; justify-content: center;\">\n<p><!-- Titel --><\/p>\n<div style=\"font-size: 60px; font-weight: bold; letter-spacing: 8px; color: #c8ab6f; text-transform: uppercase; text-shadow: 0 0 10px rgba(0,0,0,0.4);\">Repertoire<\/div>\n<\/div>\n<\/div>\n<p><!-- Buchstaben-Block --><\/p>\n<div style=\"margin: 60px 0;\">\n<p><!-- Initialbuchstabe --><\/p>\n<div style=\"font-size: 90px; font-weight: bold; color: #c8ab6f; line-height: 1; margin-bottom: 20px;\">A<\/div>\n<p><!-- EIN KOMPOSITOREN-EINTRAG --><\/p>\n<div style=\"margin: 30px 0 40px 0;\">\n<p><!-- ANDERSON --><\/p>\n<div style=\"font-size: 22px; font-weight: bold;\">ANDERSON, Leroy (1908 &#8211; 1975)<\/div>\n<p><!-- feine Linie --><\/p>\n<hr style=\"width: 25%; margin: 8px 0 15px 0; border: 0; border-top: 1px solid #c8ab6f;\" \/>\n<p><!-- Werke EINZEILIG --><\/p>\n<ul style=\"list-style: none; padding-left: 0; line-height: 1.8; font-size: 17px;\">\n<li style=\"margin-bottom: 10px;\"><strong>The Typewriter<\/strong> | 12.03.2023<\/li>\n<li style=\"margin-bottom: 10px;\"><strong>Plink, Plank, Plunk!<\/strong> | 18.06.2022, <a href=\"https:\/\/youtu.be\/LGMAjyP86IQ\">29.06.2025<\/a><\/li>\n<li>\n<div style=\"font-size: 22px; font-weight: bold;\">ANONYM, 18 Jh.<\/div>\n<p><!-- feine Linie --><\/p>\n<hr style=\"width: 25%; margin: 8px 0 15px 0; border: 0; border-top: 1px solid #c8ab6f;\" \/>\n<p><!-- Werke EINZEILIG --><\/p>\n<ul style=\"list-style: none; padding-left: 0; line-height: 1.8; font-size: 17px;\">\n<li style=\"margin-bottom: 10px;\"><strong><a href=\"https:\/\/youtu.be\/igQkDq65b9k\">Fandango<\/a>\u00a0 <\/strong>\u2013 aus dem Salteriomanuskript aus der Bibliothek in Oviedo | Solistin: Rosemarie Pulvermacher (Salterio) | 12.03.2023<\/li>\n<\/ul>\n<\/li>\n<\/ul>\n<\/div>\n<p><!-- ATTERBERG --><\/p>\n<div style=\"margin: 30px 0 40px 0;\">\n<div style=\"font-size: 22px; font-weight: bold;\">ATTERBERG, Kurt (1887 &#8211; 1974)<\/div>\n<hr style=\"width: 25%; margin: 8px 0 15px 0; border: 0; border-top: 1px solid #c8ab6f;\" \/>\n<ul style=\"list-style: none; padding-left: 0; line-height: 1.8; font-size: 17px;\">\n<li style=\"list-style-type: none;\">\n<ul style=\"list-style: none; padding-left: 0; line-height: 1.8; font-size: 17px;\">\n<li style=\"margin-bottom: 10px;\"><a href=\"https:\/\/youtu.be\/aJx87O4UW2k?si=kBc5LFhj_uplXn2e\"><strong>Suite No. 3, op. 19<\/strong> \u2013 I Preludio<\/a> | Solistinnen: Mariana Faundez (Violine), Zhanna Ivanova (Viola) | 13.12.2025<\/li>\n<\/ul>\n<\/li>\n<\/ul>\n<\/div>\n<\/div>\n<p><!-- Buchstaben-Block B--><\/p>\n<div style=\"margin: 60px 0;\">\n<p><!-- Initialbuchstabe --><\/p>\n<div style=\"font-size: 90px; font-weight: bold; color: #c8ab6f; line-height: 1; margin-bottom: 20px;\">B<\/div>\n<p><!-- EIN KOMPOSITOREN-EINTRAG --><\/p>\n<div style=\"margin: 30px 0 40px 0;\">\n<p><!-- BACH--><\/p>\n<div style=\"font-size: 22px; font-weight: bold;\">BACH, Johann Sebastian (1685 &#8211; 1750)<\/div>\n<p><!-- feine Linie --><\/p>\n<hr style=\"width: 25%; margin: 8px 0 15px 0; border: 0; border-top: 1px solid #c8ab6f;\" \/>\n<p><!-- Werke EINZEILIG --><\/p>\n<ul style=\"list-style: none; padding-left: 0; line-height: 1.8; font-size: 17px;\">\n<li style=\"list-style-type: none;\">\n<ul style=\"list-style: none; padding-left: 0; line-height: 1.8; font-size: 17px;\">\n<li style=\"margin-bottom: 10px;\"><strong>Concerto f\u00fcr Oboe und Violine in c-Moll<\/strong> \u2013 I Allegro, BWV 1060R | SolistInnen: Haruka Mori (Oboe), Jorgos Zacharoudis (Violine) | 22.06.2024<\/li>\n<li style=\"margin-bottom: 10px;\"><strong>Concerto in a-Moll, BWV 593<\/strong> \u2013 I Allegro, II Adagio, III Allegro | Solistin: Magdalena Moser (Orgel) | 8.12.2024<\/li>\n<li style=\"margin-bottom: 10px;\"><strong>Air aus der Suite in D-Dur<\/strong> | 29.06.2025<\/li>\n<li style=\"margin-bottom: 10px;\"><a href=\"https:\/\/youtu.be\/IF8IcoAUQ7Q?si=31rzkiErUa8K-4uu\"><strong>Brich\u2018 an, o sch\u00f6nes Morgenlicht<\/strong> \u2013 Choral No. 12 aus dem Weihnachtsoratorium<\/a> | 13.12.2025<\/li>\n<li style=\"margin-bottom: 10px;\"><a href=\"https:\/\/youtu.be\/tRDS6f9kRjQ\"><strong>Sonata No. 2 in a-Moll, BWV 1003<\/strong> \u2013 I Grave<\/a> | Solistin: Danica \u0160kreblin (Gitarre) | 28.06.2026<\/li>\n<li style=\"margin-bottom: 10px;\"><a href=\"https:\/\/youtu.be\/dpiGBqM8gl8\"><strong>Cellosuite No. 1 in G-Dur<\/strong><\/a>, (transp. nach A-Dur f\u00fcr Kontrabass) \u2013 Allemande | Solist: Lenard Liebert (Kontrabass) | 29.06.2025<\/li>\n<\/ul>\n<\/li>\n<\/ul>\n<\/div>\n<p><!-- BLOCH --><\/p>\n<div style=\"margin: 30px 0 40px 0;\">\n<div style=\"font-size: 22px; font-weight: bold;\">\n<div style=\"font-size: 22px; font-weight: bold;\">BERNSTEIN, Leonard (1918 &#8211; 1990)<\/div>\n<hr style=\"width: 25%; margin: 8px 0 15px 0; border: 0; border-top: 1px solid #c8ab6f;\" \/>\n<ul style=\"list-style: none; padding-left: 0; line-height: 1.8; font-size: 17px;\">\n<li style=\"margin-bottom: 10px;\"><a href=\"https:\/\/youtu.be\/WKgWgb8qI7c\"><strong>Waltz<\/strong><\/a> | 29.06.2025<\/li>\n<li><span style=\"font-size: 22px;\">BLOCH, Ernest (1880 &#8211; 1959)<\/span><\/li>\n<\/ul>\n<\/div>\n<hr style=\"width: 25%; margin: 8px 0 15px 0; border: 0; border-top: 1px solid #c8ab6f;\" \/>\n<ul style=\"list-style: none; padding-left: 0; line-height: 1.8; font-size: 17px;\">\n<li style=\"margin-bottom: 10px;\"><strong>Prayer<\/strong> \u2013 f\u00fcr Violoncello | Solist: Gabriel Coman (Violoncello) | 22.06.2024<\/li>\n<\/ul>\n<\/div>\n<p><!-- BOCCHERINI --><\/p>\n<div style=\"margin: 30px 0 40px 0;\">\n<div style=\"font-size: 22px; font-weight: bold;\">BOCCHERINI, Luigi (1743 &#8211; 1805)<\/div>\n<hr style=\"width: 25%; margin: 8px 0 15px 0; border: 0; border-top: 1px solid #c8ab6f;\" \/>\n<ul style=\"list-style: none; padding-left: 0; line-height: 1.8; font-size: 17px;\">\n<li style=\"margin-bottom: 10px;\"><strong>Menuett<\/strong> | 22.06.2024<\/li>\n<\/ul>\n<\/div>\n<p><!-- BOTTESINI --><\/p>\n<div style=\"margin: 30px 0 40px 0;\">\n<div style=\"font-size: 22px; font-weight: bold;\">BOTTESINI, Giovanni (1821 &#8211; 1889)<\/div>\n<hr style=\"width: 25%; margin: 8px 0 15px 0; border: 0; border-top: 1px solid #c8ab6f;\" \/>\n<ul style=\"list-style: none; padding-left: 0; line-height: 1.8; font-size: 17px;\">\n<li style=\"margin-bottom: 10px;\"><a href=\"https:\/\/youtu.be\/IeJwP1p7TXQ\"><strong>Concerto f\u00fcr Kontrabass und Orchester in h-Moll<\/strong> \u2013 I Allegro moderato<\/a>, <a href=\"https:\/\/youtu.be\/UdeXBeS5GQ0\">II Andante<\/a>, <a href=\"https:\/\/youtu.be\/9WEggWgYx1c\">III Allegro<\/a> | Solist: Lenard Liebert (Kontrabass) | 29.06.2025<\/li>\n<\/ul>\n<\/div>\n<p><!-- BRAHMS --><\/p>\n<div style=\"margin: 30px 0 40px 0;\">\n<div style=\"font-size: 22px; font-weight: bold;\">BRAHMS, Johannes (1833 &#8211; 1897)<\/div>\n<hr style=\"width: 25%; margin: 8px 0 15px 0; border: 0; border-top: 1px solid #c8ab6f;\" \/>\n<ul style=\"list-style: none; padding-left: 0; line-height: 1.8; font-size: 17px;\">\n<li style=\"margin-bottom: 10px;\"><strong>Ungarische T\u00e4nze<\/strong> \u2013 No. 1 | 18.06.2023<\/li>\n<li style=\"margin-bottom: 10px;\"><strong>Ungarische T\u00e4nze<\/strong> \u2013 No. 5 | 18.06.2023; 21.01.2024<\/li>\n<\/ul>\n<\/div>\n<p><!-- BRITTEN --><\/p>\n<div style=\"margin: 30px 0 40px 0;\">\n<div style=\"font-size: 22px; font-weight: bold;\">BRITTEN, Benjamin (1913 &#8211; 1976)<\/div>\n<hr style=\"width: 25%; margin: 8px 0 15px 0; border: 0; border-top: 1px solid #c8ab6f;\" \/>\n<ul style=\"list-style: none; padding-left: 0; line-height: 1.8; font-size: 17px;\">\n<li style=\"margin-bottom: 10px;\"><a href=\"https:\/\/youtu.be\/GskZtE8Ugjc\"><strong>Simple Symphony<\/strong> \u2013 I Boisterous Bouree<\/a>\u00a0| 28.06.2026<br \/>\n<a href=\"https:\/\/youtu.be\/Al4fQgd1kbY\"><strong>Simple Symphony<\/strong> \u2013 II Playful Pizzicato<\/a>\u00a0| 28.06.2026<br \/>\n<a href=\"https:\/\/youtu.be\/QYzrhi3vtaU?si=PxZJGMqfBQspjfu-\"><strong>Simple Symphony<\/strong> \u2013 III Sentimental Sarabande<\/a> | <a href=\"https:\/\/youtu.be\/QYzrhi3vtaU?si=PxZJGMqfBQspjfu-\">13.12.2025<\/a>, 28.06.2026<br \/>\n<a href=\"https:\/\/youtu.be\/CvsE_ylFGh4?si=FhYs4TOm4kHbFmV3\"><strong>Simple Symphony<\/strong> \u2013 IV Frolicsome Finale<\/a> | <a href=\"https:\/\/youtu.be\/CvsE_ylFGh4?si=FhYs4TOm4kHbFmV3\">13.12.2025<\/a>, 28.06.2026<\/li>\n<\/ul>\n<\/div>\n<p><!-- Buchstaben-Block C --><\/p>\n<div style=\"margin: 60px 0;\">\n<p><!-- Initialbuchstabe --><\/p>\n<div style=\"font-size: 90px; font-weight: bold; color: #c8ab6f; line-height: 1; margin-bottom: 20px;\">C<\/div>\n<p><!-- EIN KOMPOSITOREN-EINTRAG --><\/p>\n<div style=\"margin: 30px 0 40px 0;\">\n<p><!-- CACCINI --><\/p>\n<div style=\"margin: 30px 0 40px 0;\">\n<div style=\"font-size: 22px; font-weight: bold;\">CACCINI, Giulio (1546 &#8211; 1618)<\/div>\n<hr style=\"width: 25%; margin: 8px 0 15px 0; border: 0; border-top: 1px solid #c8ab6f;\" \/>\n<ul style=\"list-style: none; padding-left: 0; line-height: 1.8; font-size: 17px;\">\n<li style=\"margin-bottom: 10px;\"><strong>Amarilli, mia bella<\/strong> f\u00fcr Bariton und Orchester (Arr. Klaus Melem) | Bariton: Csaba Sz\u00f6ke | 17.12.2023<\/li>\n<\/ul>\n<\/div>\n<p><!-- CHARPENTIER --><\/p>\n<div style=\"margin: 30px 0 40px 0;\">\n<div style=\"font-size: 22px; font-weight: bold;\">CHARPENTIER, Marc-Antoine (1643 &#8211; 1704)<\/div>\n<hr style=\"width: 25%; margin: 8px 0 15px 0; border: 0; border-top: 1px solid #c8ab6f;\" \/>\n<ul style=\"list-style: none; padding-left: 0; line-height: 1.8; font-size: 17px;\">\n<li style=\"margin-bottom: 10px;\"><strong>Te deum<\/strong> | 17.12.2023; 21.01.2024<\/li>\n<\/ul>\n<\/div>\n<p><!-- CORELLI --><\/p>\n<div style=\"margin: 30px 0 40px 0;\">\n<div style=\"font-size: 22px; font-weight: bold;\">CORELLI, Arcangelo (1653 &#8211; 1713)<\/div>\n<hr style=\"width: 25%; margin: 8px 0 15px 0; border: 0; border-top: 1px solid #c8ab6f;\" \/>\n<ul style=\"list-style: none; padding-left: 0; line-height: 1.8; font-size: 17px;\">\n<li style=\"margin-bottom: 10px;\"><strong>Concerto grosso op. 6 Nr. 8 \u201ePer la notte di Natale\u201c<\/strong> | 08.12.2024<\/li>\n<li style=\"margin-bottom: 10px;\"><a href=\"https:\/\/youtu.be\/3GZtXCkrks0?si=PuHwjPqdzFy-wt2e\"><strong>Adagio f\u00fcr Streichorchester<\/strong><\/a> | 13.12.2025<\/li>\n<\/ul>\n<div style=\"margin: 60px 0;\">\n<div style=\"font-size: 90px; font-weight: bold; color: #c8ab6f; line-height: 1; margin-bottom: 20px;\">D<\/div>\n<p><!-- DI CAPUA --><\/p>\n<div style=\"margin: 30px 0 40px 0;\">\n<div style=\"font-size: 22px; font-weight: bold;\">DI CAPUA, Eduardo (1865 &#8211; 1917)<\/div>\n<hr style=\"width: 25%; margin: 8px 0 15px 0; border: 0; border-top: 1px solid #c8ab6f;\" \/>\n<ul style=\"list-style: none; padding-left: 0; line-height: 1.8; font-size: 17px;\">\n<li style=\"margin-bottom: 10px;\"><strong>O sole mio<\/strong> \u2013 Arr. Klaus Melem | 19.06.2022; 21.01.2024<\/li>\n<\/ul>\n<p><!-- BUCHSTABE H --><\/p>\n<div style=\"margin: 60px 0;\">\n<div style=\"font-size: 90px; font-weight: bold; color: #c8ab6f; line-height: 1; margin-bottom: 20px;\">H<\/div>\n<p><!-- H\u00c4NDEL --><\/p>\n<div style=\"margin: 30px 0 40px 0;\">\n<div style=\"font-size: 22px; font-weight: bold;\">H\u00c4NDEL, Georg Friedrich (1685 &#8211; 1759)<\/div>\n<hr style=\"width: 25%; margin: 8px 0 15px 0; border: 0; border-top: 1px solid #c8ab6f;\" \/>\n<ul style=\"list-style: none; padding-left: 0; line-height: 1.8; font-size: 17px;\">\n<li style=\"margin-bottom: 10px;\"><strong>Ombra mai fu<\/strong> \u2013 Largo aus der Oper \u201eXerxes\u201c, f\u00fcr Bariton und Orchester | Bariton: Csaba Sz\u00f6ke | 17.12.2023<\/li>\n<li style=\"margin-bottom: 10px;\"><strong>Sarabande in d-Moll \u201eLa Folia\u201c<\/strong> \u2013 aus Suite XI, HWV 437 | 22.06.2024<\/li>\n<\/ul>\n<\/div>\n<p><!-- HARDIMAN --><\/p>\n<div style=\"margin: 30px 0 40px 0;\">\n<div style=\"font-size: 22px; font-weight: bold;\">HARDIMAN, Ronan (1961\u2013 )<\/div>\n<hr style=\"width: 25%; margin: 8px 0 15px 0; border: 0; border-top: 1px solid #c8ab6f;\" \/>\n<ul style=\"list-style: none; padding-left: 0; line-height: 1.8; font-size: 17px;\">\n<li style=\"margin-bottom: 10px;\"><strong>Lord of the Dance<\/strong> | 22.06.2024<\/li>\n<\/ul>\n<\/div>\n<p><!-- HASSELMANS --><\/p>\n<div style=\"margin: 30px 0 40px 0;\">\n<div style=\"font-size: 22px; font-weight: bold;\">HASSELMANS, Alphonse (1845 &#8211; 1912)<\/div>\n<hr style=\"width: 25%; margin: 8px 0 15px 0; border: 0; border-top: 1px solid #c8ab6f;\" \/>\n<ul style=\"list-style: none; padding-left: 0; line-height: 1.8; font-size: 17px;\">\n<li style=\"margin-bottom: 10px;\"><strong>La Source<\/strong> \u2013 op. 44 f\u00fcr Harfe | Solistin: Daniela Karner (Harfe) | 22.06.2024<\/li>\n<\/ul>\n<\/div>\n<p><!-- HAYDN --><\/p>\n<div style=\"margin: 30px 0 40px 0;\">\n<div style=\"font-size: 22px; font-weight: bold;\">HAYDN, Joseph (1732 &#8211; 1809)<\/div>\n<hr style=\"width: 25%; margin: 8px 0 15px 0; border: 0; border-top: 1px solid #c8ab6f;\" \/>\n<ul style=\"list-style: none; padding-left: 0; line-height: 1.8; font-size: 17px;\">\n<li style=\"margin-bottom: 10px;\"><strong>Symphonie Nr. 6 \u201eLe Matin\u201c<\/strong> \u2013 III Menuetto | 17.12.2023<\/li>\n<li style=\"margin-bottom: 10px;\"><strong>Symphonie Nr. 6 \u201eLe Matin\u201c<\/strong> \u2013 IV Finale | 17.12.2023\n<div style=\"font-size: 22px; font-weight: bold;\">HINDEMITH, Paul (1895 &#8211; 1963)<\/div>\n<hr style=\"width: 25%; margin: 8px 0 15px 0; border: 0; border-top: 1px solid #c8ab6f;\" \/>\n<ul style=\"list-style: none; padding-left: 0; line-height: 1.8; font-size: 17px;\">\n<li style=\"margin-bottom: 10px;\"><a href=\"https:\/\/youtu.be\/dfj57pwpSek\"><strong>&#8218;F\u00fcnf St\u00fccke&#8216; op. 44<\/strong> \u2013 V Lebhaft<\/a> | Solistin: Mariana Faundez (Violine) | 28.06.2026<\/li>\n<\/ul>\n<\/li>\n<\/ul>\n<\/div>\n<p><!-- BUCHSTABE J --><\/p>\n<div style=\"margin: 60px 0;\">\n<div style=\"font-size: 90px; font-weight: bold; color: #c8ab6f; line-height: 1; margin-bottom: 20px;\">J<\/div>\n<p><!-- JENKINS --><\/p>\n<div style=\"margin: 30px 0 40px 0;\">\n<div style=\"font-size: 22px; font-weight: bold;\">JENKINS, Karl (1944\u2013 )<\/div>\n<hr style=\"width: 25%; margin: 8px 0 15px 0; border: 0; border-top: 1px solid #c8ab6f;\" \/>\n<ul style=\"list-style: none; padding-left: 0; line-height: 1.8; font-size: 17px;\">\n<li style=\"margin-bottom: 10px;\"><strong>Palladio<\/strong> \u2013 I Allegretto | 17.12.2023<\/li>\n<\/ul>\n<p><!-- BUCHSTABE K --><\/p>\n<div style=\"margin: 60px 0;\">\n<div style=\"font-size: 90px; font-weight: bold; color: #c8ab6f; line-height: 1; margin-bottom: 20px;\">K<\/div>\n<p><!-- KORINGER --><\/p>\n<div style=\"margin: 30px 0 40px 0;\">\n<div style=\"font-size: 22px; font-weight: bold;\">KORINGER, Franz (1921 &#8211; 2000)<\/div>\n<hr style=\"width: 25%; margin: 8px 0 15px 0; border: 0; border-top: 1px solid #c8ab6f;\" \/>\n<ul style=\"list-style: none; padding-left: 0; line-height: 1.8; font-size: 17px;\">\n<li style=\"margin-bottom: 10px;\"><strong>Adventlicht<\/strong> \u2013 Chor und Orchester | 17.12.2023<\/li>\n<li style=\"margin-bottom: 10px;\"><strong>Es kommt eine frohe Zeit<\/strong> \u2013 Chor und Orchester | 17.12.2023<\/li>\n<li style=\"margin-bottom: 10px;\"><strong>Macht auf Eure Tore<\/strong> \u2013 Chor und Orchester | 17.12.2023<\/li>\n<\/ul>\n<p><!-- BUCHSTABE L --><\/p>\n<div style=\"margin: 60px 0;\">\n<div style=\"font-size: 90px; font-weight: bold; color: #c8ab6f; line-height: 1; margin-bottom: 20px;\">L<\/div>\n<p><!-- LANNER --><\/p>\n<div style=\"margin: 30px 0 40px 0;\">\n<div style=\"font-size: 22px; font-weight: bold;\">LANNER, Joseph (1801 &#8211; 1843)<\/div>\n<hr style=\"width: 25%; margin: 8px 0 15px 0; border: 0; border-top: 1px solid #c8ab6f;\" \/>\n<ul style=\"list-style: none; padding-left: 0; line-height: 1.8; font-size: 17px;\">\n<li style=\"margin-bottom: 10px;\"><strong>Steyrische T\u00e4nze<\/strong> | 22.06.2024<\/li>\n<\/ul>\n<\/div>\n<p><!-- LEH\u00c1R --><\/p>\n<div style=\"margin: 30px 0 40px 0;\">\n<div style=\"font-size: 22px; font-weight: bold;\">LEH\u00c1R, Franz (1870 &#8211; 1948)<\/div>\n<hr style=\"width: 25%; margin: 8px 0 15px 0; border: 0; border-top: 1px solid #c8ab6f;\" \/>\n<ul style=\"list-style: none; padding-left: 0; line-height: 1.8; font-size: 17px;\">\n<li style=\"margin-bottom: 10px;\"><strong>Gold und Silber<\/strong> \u2013 Walzer op. 79 | 21.01.2024<\/li>\n<li style=\"margin-bottom: 10px;\"><strong>Lied und Cs\u00e1rd\u00e1s<\/strong> \u2013 aus der Operette \u201eZigeunerliebe\u201c | 21.01.2024<\/li>\n<\/ul>\n<p><!-- BUCHSTABE M --><\/p>\n<div style=\"margin: 60px 0;\">\n<div style=\"font-size: 90px; font-weight: bold; color: #c8ab6f; line-height: 1; margin-bottom: 20px;\">M<\/div>\n<p><!-- MASCAGNI --><\/p>\n<div style=\"margin: 30px 0 40px 0;\">\n<div style=\"font-size: 22px; font-weight: bold;\">MASCAGNI, Pietro (1863 &#8211; 1945)<\/div>\n<hr style=\"width: 25%; margin: 8px 0 15px 0; border: 0; border-top: 1px solid #c8ab6f;\" \/>\n<ul style=\"list-style: none; padding-left: 0; line-height: 1.8; font-size: 17px;\">\n<li style=\"margin-bottom: 10px;\"><strong>Intermezzo sinfonico<\/strong> \u2013 aus \u201eCavalleria rusticana\u201c | 18.06.2023<\/li>\n<\/ul>\n<\/div>\n<p><!-- MENDELSSOHN --><\/p>\n<div style=\"margin: 30px 0 40px 0;\">\n<div style=\"font-size: 22px; font-weight: bold;\">MENDELSSOHN BARTHOLDY, Felix (1809 &#8211; 1847)<\/div>\n<hr style=\"width: 25%; margin: 8px 0 15px 0; border: 0; border-top: 1px solid #c8ab6f;\" \/>\n<ul style=\"list-style: none; padding-left: 0; line-height: 1.8; font-size: 17px;\">\n<li style=\"margin-bottom: 10px;\"><a href=\"https:\/\/youtu.be\/d7HUrp0CzGA\"><strong>Symphonie f\u00fcr Streicher Nr. 2 in D-Dur<\/strong> \u2013 I Allegro<\/a>, <a href=\"https:\/\/youtu.be\/SnX18nqDYSU\">II Andante<\/a>, <a href=\"https:\/\/youtu.be\/27Jtq0DB1ms\">III Allegro vivace<\/a> | 29.06.2025<\/li>\n<\/ul>\n<\/div>\n<p><!-- MOZART --><\/p>\n<div style=\"margin: 30px 0 40px 0;\">\n<div style=\"font-size: 22px; font-weight: bold;\">MOZART, Wolfgang Amadeus (1756 &#8211; 1791)<\/div>\n<hr style=\"width: 25%; margin: 8px 0 15px 0; border: 0; border-top: 1px solid #c8ab6f;\" \/>\n<ul style=\"list-style: none; padding-left: 0; line-height: 1.8; font-size: 17px;\">\n<li style=\"margin-bottom: 10px;\"><strong>Andantino<\/strong> \u2013 aus Konzert f\u00fcr Fl\u00f6te und Harfe in C-Dur, KV 299 | SolistInnen: Daniela Karner (Harfe), Rudolf Mossb\u00f6ck (Fl\u00f6te) | 18.06.2023<\/li>\n<li style=\"margin-bottom: 10px;\"><strong>Andante in C-Dur<\/strong> \u2013 KV 315 | 17.12.2023<\/li>\n<\/ul>\n<p><!-- BUCHSTABE O --><\/p>\n<div style=\"margin: 60px 0;\">\n<div style=\"font-size: 90px; font-weight: bold; color: #c8ab6f; line-height: 1; margin-bottom: 20px;\">O<\/div>\n<p><!-- OFFENBACH --><\/p>\n<div style=\"margin: 30px 0 40px 0;\">\n<div style=\"font-size: 22px; font-weight: bold;\">OFFENBACH, Jacques (1819 &#8211; 1880)<\/div>\n<hr style=\"width: 25%; margin: 8px 0 15px 0; border: 0; border-top: 1px solid #c8ab6f;\" \/>\n<ul style=\"list-style: none; padding-left: 0; line-height: 1.8; font-size: 17px;\">\n<li style=\"margin-bottom: 10px;\"><strong>Barcarole<\/strong> \u2013 aus Les Contes d&#8217;Hoffmann (Hoffmans Erz\u00e4hlungen) | 22.06.2024<\/li>\n<\/ul>\n<p><!-- BUCHSTABE P --><\/p>\n<div style=\"margin: 60px 0;\">\n<div style=\"font-size: 90px; font-weight: bold; color: #c8ab6f; line-height: 1; margin-bottom: 20px;\">P<\/div>\n<p><!-- PETERSON --><\/p>\n<div style=\"margin: 30px 0 40px 0;\">\n<div style=\"font-size: 22px; font-weight: bold;\">PETERSON, Oscar (1925 &#8211; 2007)<\/div>\n<hr style=\"width: 25%; margin: 8px 0 15px 0; border: 0; border-top: 1px solid #c8ab6f;\" \/>\n<ul style=\"list-style: none; padding-left: 0; line-height: 1.8; font-size: 17px;\">\n<li style=\"margin-bottom: 10px;\"><strong>Hymn for Freedom<\/strong> \u2013 22.06.2024<\/li>\n<\/ul>\n<\/div>\n<p><!-- PIAZZOLLA --><\/p>\n<div style=\"margin: 30px 0 40px 0;\">\n<div style=\"font-size: 22px; font-weight: bold;\">PIAZZOLLA, Astor (1921 &#8211; 1992)<\/div>\n<hr style=\"width: 25%; margin: 8px 0 15px 0; border: 0; border-top: 1px solid #c8ab6f;\" \/>\n<ul style=\"list-style: none; padding-left: 0; line-height: 1.8; font-size: 17px;\">\n<li style=\"margin-bottom: 10px;\"><strong>Oblivion<\/strong> \u2013 f\u00fcr Violine | Solistin: Ilse Wincor (Violine) | 18.06.2023<\/li>\n<li style=\"margin-bottom: 10px;\"><strong>Oblivion<\/strong> \u2013 f\u00fcr Akkordeon | Solist: Jacob Niller (Akkordeon) | 22.06.2024<\/li>\n<li style=\"margin-bottom: 10px;\"><strong>Libertango<\/strong> \u2013 f\u00fcr Akkordeon | Solist: Jacob Niller (Akkordeon) | 22.06.2024<\/li>\n<\/ul>\n<p><!-- BUCHSTABE R --><\/p>\n<div style=\"margin: 60px 0;\">\n<div style=\"font-size: 90px; font-weight: bold; color: #c8ab6f; line-height: 1; margin-bottom: 20px;\">R<\/div>\n<p><!-- RAMEAU --><\/p>\n<div style=\"margin: 30px 0 40px 0;\">\n<div style=\"font-size: 22px; font-weight: bold;\">RAMEAU, Jean-Philippe (1683 &#8211; 1764)<\/div>\n<hr style=\"width: 25%; margin: 8px 0 15px 0; border: 0; border-top: 1px solid #c8ab6f;\" \/>\n<ul style=\"list-style: none; padding-left: 0; line-height: 1.8; font-size: 17px;\">\n<li style=\"margin-bottom: 10px;\"><a href=\"https:\/\/youtu.be\/tNkHKuLjFUA\"><strong>Les Indes Galantes<\/strong> \u2013 Danse du grand calumet de paix execut\u00e9e par les sauvages<\/a> | 28.06.2026<\/li>\n<\/ul>\n<p><!-- RESPIGHI --><\/p>\n<div style=\"margin: 30px 0 40px 0;\"><!-- RESPIGHI --><\/p>\n<div style=\"margin: 30px 0 40px 0;\">\n<div style=\"font-size: 22px; font-weight: bold;\">RESPIGHI, Ottorino (1879 &#8211; 1936)<\/div>\n<hr style=\"width: 25%; margin: 8px 0 15px 0; border: 0; border-top: 1px solid #c8ab6f;\" \/>\n<ul style=\"list-style: none; padding-left: 0; line-height: 1.8; font-size: 17px;\">\n<li style=\"margin-bottom: 10px;\"><strong>Antiche Danze Suite Nr. 3<\/strong> \u2013 I Italiana | 17.12.2023<\/li>\n<li style=\"margin-bottom: 10px;\"><strong>Suite in G-Dur<\/strong> \u2013 I Preludio | 08.12.2024<\/li>\n<\/ul>\n<p><!-- BUCHSTABE S --><\/p>\n<div style=\"margin: 60px 0;\">\n<div style=\"font-size: 90px; font-weight: bold; color: #c8ab6f; line-height: 1; margin-bottom: 20px;\">S<\/div>\n<div style=\"margin: 30px 0 40px 0;\">\n<div style=\"font-size: 22px; font-weight: bold;\">SCHOSTAKOWITSCH, Dimitri (1906 &#8211; 1975)<\/div>\n<hr style=\"width: 25%; margin: 8px 0 15px 0; border: 0; border-top: 1px solid #c8ab6f;\" \/>\n<ul style=\"list-style: none; padding-left: 0; line-height: 1.8; font-size: 17px;\">\n<li style=\"margin-bottom: 10px;\"><strong>Walzer Nr. 2<\/strong> \u2013 21.01.2024<\/li>\n<\/ul>\n<\/div>\n<div style=\"margin: 30px 0 40px 0;\">\n<div style=\"font-size: 22px; font-weight: bold;\">SCHUBERT, Franz (1797 &#8211; 1828)<\/div>\n<hr style=\"width: 25%; margin: 8px 0 15px 0; border: 0; border-top: 1px solid #c8ab6f;\" \/>\n<ul style=\"list-style: none; padding-left: 0; line-height: 1.8; font-size: 17px;\">\n<li style=\"margin-bottom: 10px;\"><strong>Symphonie Nr. 5 in B-Dur<\/strong> \u2013 II Andante con moto | 17.12.2023<\/li>\n<li style=\"margin-bottom: 10px;\"><strong>Symphonie Nr. 5 in B-Dur<\/strong> \u2013 III Menuetto | 18.06.2023<\/li>\n<li style=\"margin-bottom: 10px;\"><strong>Symphonie Nr. 5 in B-Dur<\/strong> \u2013 IV Allegro Vivace | 18.06.2023<\/li>\n<\/ul>\n<\/div>\n<div style=\"margin: 30px 0 40px 0;\">\n<div style=\"font-size: 22px; font-weight: bold;\">SIBELIUS, Jean (1865 &#8211; 1957)<\/div>\n<hr style=\"width: 25%; margin: 8px 0 15px 0; border: 0; border-top: 1px solid #c8ab6f;\" \/>\n<ul style=\"list-style: none; padding-left: 0; line-height: 1.8; font-size: 17px;\">\n<li style=\"margin-bottom: 10px;\"><strong>Valse triste<\/strong> | 19.06.2022<\/li>\n<li style=\"margin-bottom: 10px;\"><a href=\"https:\/\/youtu.be\/Bk4avWMpiJ0\"><strong>Impromptu nach op. 5 Nr. 5 und Nr. 6<\/strong> <\/a>\u2013 Andantino | 29.06.2025<\/li>\n<\/ul>\n<\/div>\n<div style=\"font-size: 22px; font-weight: bold;\">SKALKOTTAS, Nikos (1904 &#8211; 1949)<\/div>\n<hr style=\"width: 25%; margin: 8px 0 15px 0; border: 0; border-top: 1px solid #c8ab6f;\" \/>\n<ul style=\"list-style: none; padding-left: 0; line-height: 1.8; font-size: 17px;\">\n<li style=\"margin-bottom: 10px;\"><a href=\"https:\/\/youtu.be\/Qln_jNr_iDo\"><strong>5 Greek Dances <\/strong>\u2013 V Kleftikos<\/a>\u00a0 | 28.06.2026<\/li>\n<\/ul>\n<\/div>\n<div style=\"font-size: 22px; font-weight: bold;\">STOLZ, Robert (1880 &#8211; 1975)<\/div>\n<hr style=\"width: 25%; margin: 8px 0 15px 0; border: 0; border-top: 1px solid #c8ab6f;\" \/>\n<ul style=\"list-style: none; padding-left: 0; line-height: 1.8; font-size: 17px;\">\n<li style=\"margin-bottom: 10px;\"><strong>Jung san&#8216; ma<\/strong> \u2013 Arr. Klaus Melem | 19.06.2022; 21.01.2024<\/li>\n<li><strong>Du sollst der Kaiser meiner Seele sein<\/strong> \u2013 aus der Operette \u201eDer Favorit\u201c | 21.01.2024<\/li>\n<\/ul>\n<\/div>\n<div style=\"font-size: 22px; font-weight: bold;\">STRAUSS VATER, Johann (1804 &#8211; 1849)<\/div>\n<hr style=\"width: 25%; margin: 8px 0 15px 0; border: 0; border-top: 1px solid #c8ab6f;\" \/>\n<ul style=\"list-style: none; padding-left: 0; line-height: 1.8; font-size: 17px;\">\n<li style=\"margin-bottom: 10px;\"><strong>Radetzky-Marsch<\/strong> \u2013 21.01.2024<\/li>\n<\/ul>\n<\/div>\n<div style=\"margin: 30px 0 40px 0;\">\n<div style=\"font-size: 22px; font-weight: bold;\">STRAUSS, Johann (1825 &#8211; 1899)<\/div>\n<hr style=\"width: 25%; margin: 8px 0 15px 0; border: 0; border-top: 1px solid #c8ab6f;\" \/>\n<ul style=\"list-style: none; padding-left: 0; line-height: 1.8; font-size: 17px;\">\n<li style=\"margin-bottom: 10px;\"><strong>Schwipslied<\/strong> \u2013 aus \u201eAnnen-Polka\u201c | 21.01.2024<\/li>\n<li style=\"margin-bottom: 10px;\"><strong>Im Krapfenwald\u2019l<\/strong> \u2013 Polka fran\u00e7aise op. 336 | 21.01.2024<\/li>\n<\/ul>\n<\/div>\n<p><!-- Initialbuchstabe --><\/p>\n<div style=\"font-size: 90px; font-weight: bold; color: #c8ab6f; line-height: 1; margin-bottom: 20px;\">T<\/div>\n<div style=\"font-size: 22px; font-weight: bold;\">TELEMANN, Georg Philipp (1681 &#8211; 1767)<\/div>\n<hr style=\"width: 25%; margin: 8px 0 15px 0; border: 0; border-top: 1px solid #c8ab6f;\" \/>\n<ul style=\"list-style: none; padding-left: 0; line-height: 1.8; font-size: 17px;\">\n<li style=\"margin-bottom: 10px;\"><a href=\"https:\/\/youtu.be\/M3CUi_5_NFM\"><strong>Ouverture aus der Suite in a-Moll<\/strong><\/a> \u2013 29.06.2025<\/li>\n<li style=\"margin-bottom: 10px;\"><a href=\"https:\/\/youtu.be\/fYf4OAAin80\"><strong>Suite in a-Moll<\/strong> f\u00fcr Fl\u00f6te und Orchester<\/a> \u2013 Lent, Les Plaisirs I &amp; II, Menuet I &amp; II, R\u00e9jouissance | Solist: Rudolf Mossb\u00f6ck (Fl\u00f6te) | 29.06.2025<\/li>\n<li style=\"margin-bottom: 10px;\"><a href=\"https:\/\/youtu.be\/dPsxxWwh15E?si=dXS47mxI9WLyDsQi\"><strong>Concerto in G-Dur f\u00fcr Viola und Orchester<\/strong> \u2013 IV Presto<\/a> | 13.12.2025<\/li>\n<\/ul>\n<\/div>\n<p><!-- Initialbuchstabe --><\/p>\n<div style=\"font-size: 90px; font-weight: bold; color: #c8ab6f; line-height: 1; margin-bottom: 20px;\">V<\/div>\n<div style=\"font-size: 22px; font-weight: bold;\">VIVALDI, Antonio (1678 &#8211; 1741 )<\/div>\n<hr style=\"width: 25%; margin: 8px 0 15px 0; border: 0; border-top: 1px solid #c8ab6f;\" \/>\n<ul style=\"list-style: none; padding-left: 0; line-height: 1.8; font-size: 17px;\">\n<li style=\"margin-bottom: 10px;\"><strong><a href=\"https:\/\/youtu.be\/5YUl3rwvAh0\">Sinfonia in C-Dur, RV 719<\/a> <\/strong>| 28.06.2026<\/li>\n<li style=\"margin-bottom: 10px;\"><a href=\"https:\/\/youtu.be\/byNftm4CEm4\"><strong>Concerto XII f\u00fcr Salterio in e-Moll, RV 275 <\/strong><\/a>| Solistin: Rosemarie Pulvermacher (Salterio) | 28.06.2026<\/li>\n<li style=\"margin-bottom: 10px;\"><a href=\"https:\/\/youtu.be\/L7xMRDZEM8k\"><strong>Concerto f\u00fcr Gitarre in D-Dur, RV 93<\/strong><\/a> | Solistin: Danica \u0160kreblin (Gitarre) | 28.06.2026<\/li>\n<li style=\"margin-bottom: 10px;\"><a href=\"https:\/\/youtu.be\/YaHxHSQkP7E\"><strong>Sinfonia in h-Moll &#8218;Al Santo Sepolcro&#8216;, RV 169<\/strong><\/a> | 28.06.2026<\/li>\n<\/ul>\n<\/div>\n<\/div>\n<\/div>\n<\/div>\n<\/div>\n<\/div>\n<\/div>\n<\/div>\n<\/div>\n<\/div>\n<\/div>\n<\/div>\n<\/div>\n<\/div>\n<\/div>\n<\/div>\n<\/div>\n<\/div>\n<\/div>\n<\/div>\n","protected":false},"excerpt":{"rendered":"<p>Repertoire A ANDERSON, Leroy (1908 &#8211; 1975) The Typewriter | 12.03.2023 Plink, Plank, Plunk! | 18.06.2022, 29.06.2025 ANONYM, 18 Jh. Fandango\u00a0 \u2013 aus dem Salteriomanuskript aus der Bibliothek in Oviedo | Solistin: Rosemarie Pulvermacher (Salterio) | 12.03.2023 ATTERBERG, Kurt (1887 &#8211; 1974) Suite No. 3, op. 19 \u2013 I Preludio | Solistinnen: Mariana Faundez (Violine), [&hellip;]<\/p>\n","protected":false},"author":1,"featured_media":0,"parent":0,"menu_order":0,"comment_status":"closed","ping_status":"closed","template":"","meta":{"footnotes":""},"class_list":["post-445","page","type-page","status-publish","hentry"],"jetpack_sharing_enabled":true,"_links":{"self":[{"href":"https:\/\/ggo.co.at\/wptest\/index.php\/wp-json\/wp\/v2\/pages\/445","targetHints":{"allow":["GET"]}}],"collection":[{"href":"https:\/\/ggo.co.at\/wptest\/index.php\/wp-json\/wp\/v2\/pages"}],"about":[{"href":"https:\/\/ggo.co.at\/wptest\/index.php\/wp-json\/wp\/v2\/types\/page"}],"author":[{"embeddable":true,"href":"https:\/\/ggo.co.at\/wptest\/index.php\/wp-json\/wp\/v2\/users\/1"}],"replies":[{"embeddable":true,"href":"https:\/\/ggo.co.at\/wptest\/index.php\/wp-json\/wp\/v2\/comments?post=445"}],"version-history":[{"count":65,"href":"https:\/\/ggo.co.at\/wptest\/index.php\/wp-json\/wp\/v2\/pages\/445\/revisions"}],"predecessor-version":[{"id":695,"href":"https:\/\/ggo.co.at\/wptest\/index.php\/wp-json\/wp\/v2\/pages\/445\/revisions\/695"}],"wp:attachment":[{"href":"https:\/\/ggo.co.at\/wptest\/index.php\/wp-json\/wp\/v2\/media?parent=445"}],"curies":[{"name":"wp","href":"https:\/\/api.w.org\/{rel}","templated":true}]}}